{"id":9865,"date":"2026-06-17T11:51:45","date_gmt":"2026-06-17T11:51:45","guid":{"rendered":"https:\/\/staging-eventrend.hu\/dij\/a-new-york-kavehaz-nyerte-a-klasszis-topdesign-szakmai-dijat\/"},"modified":"2026-06-23T12:21:18","modified_gmt":"2026-06-23T12:21:18","slug":"the-new-york-coffee-house-won-the-klasszis-topdesign-professional-award","status":"publish","type":"award","link":"https:\/\/eventrend.hu\/en\/dij\/a-new-york-kavehaz-nyerte-a-klasszis-topdesign-szakmai-dijat\/","title":{"rendered":"The New York Caf\u00e9 won the Klasszis TopDesign professional award"},"content":{"rendered":"<p>At the Klasszis TopDesign professional competition organized by Turizmus Online, New York K\u00e1v\u00e9h\u00e1z won the award for the dining establishment offering the best guest experience. Mariann Pint\u00e9r, Head of Marketing Communications, and P\u00e9ter Tat\u00e1r, F&amp;B Director, accepted the award\u2014presented by an international jury\u2014on behalf of New York Caf\u00e9 at the gala.<\/p>","protected":false},"excerpt":{"rendered":"<p>At the Klasszis TopDesign professional competition organized by Turizmus Online, New York K\u00e1v\u00e9h\u00e1z won the award for the dining establishment offering the best guest experience. Mariann Pint\u00e9r, Head of Marketing Communications, and P\u00e9ter Tat\u00e1r, F&amp;B Director, accepted the award\u2014presented by an international jury\u2014on behalf of New York Caf\u00e9 at the gala.<\/p>","protected":false},"featured_media":9866,"menu_order":15,"template":"","award_tag":[71],"class_list":["post-9865","award","type-award","status-publish","has-post-thumbnail","hentry","award_tag-new-york-cafe"],"acf":[],"_links":{"self":[{"href":"https:\/\/eventrend.hu\/en\/wp-json\/wp\/v2\/award\/9865","targetHints":{"allow":["GET"]}}],"collection":[{"href":"https:\/\/eventrend.hu\/en\/wp-json\/wp\/v2\/award"}],"about":[{"href":"https:\/\/eventrend.hu\/en\/wp-json\/wp\/v2\/types\/award"}],"wp:featuredmedia":[{"embeddable":true,"href":"https:\/\/eventrend.hu\/en\/wp-json\/wp\/v2\/media\/9866"}],"wp:attachment":[{"href":"https:\/\/eventrend.hu\/en\/wp-json\/wp\/v2\/media?parent=9865"}],"wp:term":[{"taxonomy":"award_tag","embeddable":true,"href":"https:\/\/eventrend.hu\/en\/wp-json\/wp\/v2\/award_tag?post=9865"}],"curies":[{"name":"wp","href":"https:\/\/api.w.org\/{rel}","templated":true}]}}