{"id":11529,"date":"2026-07-03T07:33:31","date_gmt":"2026-07-03T07:33:31","guid":{"rendered":"https:\/\/staging-eventrend.hu\/?page_id=11529"},"modified":"2026-08-31T14:36:14","modified_gmt":"2026-08-31T14:36:14","slug":"our-csr-activities","status":"publish","type":"page","link":"https:\/\/eventrend.hu\/en\/csr-tevekenysegeink\/","title":{"rendered":"Our CSR Activities"},"content":{"rendered":"<div data-elementor-type=\"wp-page\" data-elementor-id=\"11529\" class=\"elementor elementor-11529\" data-elementor-post-type=\"page\">\n\t\t\t\t<div class=\"elementor-element elementor-element-afa4db6 e-flex e-con-boxed e-con e-parent\" data-id=\"afa4db6\" data-element_type=\"container\" data-e-type=\"container\">\n\t\t\t\t\t<div class=\"e-con-inner\">\n\t\t\t\t<div data-sticky-offset=\"40\" class=\"elementor-element elementor-element-1c36f06 elementor-grid-tablet-2 elementor-grid-mobile-1 elementor-antra-show-filter-yes elementor-grid-3 elementor-widget elementor-widget-antra-project\" data-id=\"1c36f06\" data-element_type=\"widget\" data-e-type=\"widget\" data-settings=\"{&quot;column_tablet&quot;:&quot;2&quot;,&quot;column_mobile&quot;:&quot;1&quot;,&quot;column_spacing_mobile&quot;:{&quot;unit&quot;:&quot;px&quot;,&quot;size&quot;:15,&quot;sizes&quot;:[]},&quot;column&quot;:3,&quot;column_spacing&quot;:{&quot;unit&quot;:&quot;px&quot;,&quot;size&quot;:30,&quot;sizes&quot;:[]},&quot;column_spacing_laptop&quot;:{&quot;unit&quot;:&quot;px&quot;,&quot;size&quot;:&quot;&quot;,&quot;sizes&quot;:[]},&quot;column_spacing_tablet_extra&quot;:{&quot;unit&quot;:&quot;px&quot;,&quot;size&quot;:&quot;&quot;,&quot;sizes&quot;:[]},&quot;column_spacing_tablet&quot;:{&quot;unit&quot;:&quot;px&quot;,&quot;size&quot;:&quot;&quot;,&quot;sizes&quot;:[]},&quot;column_spacing_mobile_extra&quot;:{&quot;unit&quot;:&quot;px&quot;,&quot;size&quot;:&quot;&quot;,&quot;sizes&quot;:[]}}\" data-widget_type=\"antra-project.default\">\n\t\t\t\t<div class=\"elementor-widget-container\">\n\t\t\t\t\t<form class=\"filter-form\" id=\"filter-form-1c36f06\" action=\"\"><div class=\"field-wrapper\"><div class=\"field-inner\"><label class=\"field-label\">Filter by brand<\/label><select class=\"fitler-field\" name=\"article_tag\"><option value=\"\">Minden m\u00e1rka<\/option><option value=\"carlton-hotel\">Carlton Hotel<\/option><option value=\"central-grand-cafe\">Centr\u00e1l Grand Caf\u00e9<\/option><option value=\"cziniel-csr\">Cziniel CSR<\/option><option value=\"eventrend-group\">Eventrend Group<\/option><option value=\"fakanal-etterem\">Fakan\u00e1l Restaurant<\/option><option value=\"gundel\">Gundel<\/option><option value=\"hazai-provence\">Hungarian Provence<\/option><option value=\"kozos-eventrend-and-event\">K\u00f6z\u00f6s \u2013 Eventrend \u2013 And Event<\/option><option value=\"new-york\">New York<\/option><option value=\"sef-asztala\">Chef's Table<\/option><option value=\"stadionevent\">Stadium Event<\/option><option value=\"symbol\">Symbol<\/option><\/select><\/div><\/div><div class=\"wrapper-button-submit\"><button type=\"button\" id=\"submit-filter-1c36f06\" class=\"submit-filter btn-slip-effect\"><span class=\"elementor-button-content-wrapper\"><span class=\"hover-text\" data-text=\"Sz\u0171r\u00e9s\"><span>Filter<\/span><\/span><i aria-hidden=\"true\" class=\"antra-icon-arrow-right\"><\/i><\/span><\/button><\/div><input type=\"hidden\" name=\"trp-form-language\" value=\"en\"\/><\/form><div class=\"antra-project columns-3  elementor-project elementor-widget-render elementor-project-style1\">\n<div class=\"antra-con\">\n    <ul class=\"antra-project antra-list-wrapper clear-list-style elementor-grid\">\n\n    <li class=\"antra-item project project-style-1\">\n        <div class=\"project-block\">\n                        <div class=\"project-transition\">\n                <span class=\"project-category\"><\/span>        <figure class=\"post-thumbnail project-image\">\n            <a href=\"https:\/\/eventrend.hu\/en\/cikk\/marcius-15-i-elmenyek-kozel-200-gyermeknek\/\" title=\"Experiences on March 15 for Nearly 200 Children\" data-cursor-text=\"View\">\n                                    <span class=\"view-btn\"><span>View<\/span><\/span>\n                                <img fetchpriority=\"high\" decoding=\"async\" width=\"768\" height=\"1024\" src=\"https:\/\/eventrend.hu\/wp-content\/uploads\/2026\/06\/Fakanal-logos-fakanalak-emlekbe.jpg\" class=\"attachment-medium_large size-medium_large wp-post-image\" alt=\"\" srcset=\"https:\/\/eventrend.hu\/wp-content\/uploads\/2026\/06\/Fakanal-logos-fakanalak-emlekbe.jpg 768w, https:\/\/eventrend.hu\/wp-content\/uploads\/2026\/06\/Fakanal-logos-fakanalak-emlekbe-225x300.jpg 225w, https:\/\/eventrend.hu\/wp-content\/uploads\/2026\/06\/Fakanal-logos-fakanalak-emlekbe-472x629.jpg 472w\" sizes=\"(max-width: 768px) 100vw, 768px\" \/>            <\/a>\n        <\/figure>\n        <span class=\"project-category er-source-chip\"><a href=\"#\">Fakan\u00e1l Restaurant<\/a><\/span>            <\/div>\n            <div class=\"project-text-box\">\n                <span class=\"project-category\"><\/span>                <div class=\"project-caption\">\n                            <h3 class=\"project-loop-title\">\n            <a href=\"https:\/\/eventrend.hu\/en\/cikk\/marcius-15-i-elmenyek-kozel-200-gyermeknek\/\">Experiences on March 15 for Nearly 200 Children<\/a>\t\t<\/h3>\n                        <\/div>\n                <div class=\"project-content\">\n                                    <\/div>\n            <\/div>\n                    <\/div>\n    <\/li>\n    <li class=\"antra-item project project-style-1\">\n        <div class=\"project-block\">\n                        <div class=\"project-transition\">\n                <span class=\"project-category\"><\/span>        <figure class=\"post-thumbnail project-image\">\n            <a href=\"https:\/\/eventrend.hu\/en\/cikk\/a-legkisebb-hosoket-unnepeltuk\/\" title=\"We celebrated our youngest heroes\" data-cursor-text=\"View\">\n                                    <span class=\"view-btn\"><span>View<\/span><\/span>\n                                <img decoding=\"async\" width=\"768\" height=\"1024\" src=\"https:\/\/eventrend.hu\/wp-content\/uploads\/2026\/06\/koraszulottek-vilagnapja-fakanal-768x1024.jpg\" class=\"attachment-medium_large size-medium_large wp-post-image\" alt=\"\" srcset=\"https:\/\/eventrend.hu\/wp-content\/uploads\/2026\/06\/koraszulottek-vilagnapja-fakanal-768x1024.jpg 768w, https:\/\/eventrend.hu\/wp-content\/uploads\/2026\/06\/koraszulottek-vilagnapja-fakanal-225x300.jpg 225w, https:\/\/eventrend.hu\/wp-content\/uploads\/2026\/06\/koraszulottek-vilagnapja-fakanal-1152x1536.jpg 1152w, https:\/\/eventrend.hu\/wp-content\/uploads\/2026\/06\/koraszulottek-vilagnapja-fakanal-472x629.jpg 472w, https:\/\/eventrend.hu\/wp-content\/uploads\/2026\/06\/koraszulottek-vilagnapja-fakanal-1000x1333.jpg 1000w, https:\/\/eventrend.hu\/wp-content\/uploads\/2026\/06\/koraszulottek-vilagnapja-fakanal.jpg 1536w\" sizes=\"(max-width: 768px) 100vw, 768px\" \/>            <\/a>\n        <\/figure>\n        <span class=\"project-category er-source-chip\"><a href=\"#\">Fakan\u00e1l Restaurant<\/a><\/span>            <\/div>\n            <div class=\"project-text-box\">\n                <span class=\"project-category\"><\/span>                <div class=\"project-caption\">\n                            <h3 class=\"project-loop-title\">\n            <a href=\"https:\/\/eventrend.hu\/en\/cikk\/a-legkisebb-hosoket-unnepeltuk\/\">We celebrated our youngest heroes<\/a>\t\t<\/h3>\n                        <\/div>\n                <div class=\"project-content\">\n                                    <\/div>\n            <\/div>\n                    <\/div>\n    <\/li>\n    <li class=\"antra-item project project-style-1\">\n        <div class=\"project-block\">\n                        <div class=\"project-transition\">\n                <span class=\"project-category\"><\/span>        <figure class=\"post-thumbnail project-image\">\n            <a href=\"https:\/\/eventrend.hu\/en\/cikk\/szuletesnap-egy-jo-ugy-szolgalataban\/\" title=\"A Birthday in the Service of a Good Cause\" data-cursor-text=\"View\">\n                                    <span class=\"view-btn\"><span>View<\/span><\/span>\n                                <img decoding=\"async\" width=\"768\" height=\"1024\" src=\"https:\/\/eventrend.hu\/wp-content\/uploads\/2026\/06\/gyermekotthon-lakoinak-vendeglatasa-2023-768x1024.jpg\" class=\"attachment-medium_large size-medium_large wp-post-image\" alt=\"\" srcset=\"https:\/\/eventrend.hu\/wp-content\/uploads\/2026\/06\/gyermekotthon-lakoinak-vendeglatasa-2023-768x1024.jpg 768w, https:\/\/eventrend.hu\/wp-content\/uploads\/2026\/06\/gyermekotthon-lakoinak-vendeglatasa-2023-225x300.jpg 225w, https:\/\/eventrend.hu\/wp-content\/uploads\/2026\/06\/gyermekotthon-lakoinak-vendeglatasa-2023-1152x1536.jpg 1152w, https:\/\/eventrend.hu\/wp-content\/uploads\/2026\/06\/gyermekotthon-lakoinak-vendeglatasa-2023-472x629.jpg 472w, https:\/\/eventrend.hu\/wp-content\/uploads\/2026\/06\/gyermekotthon-lakoinak-vendeglatasa-2023-1000x1333.jpg 1000w, https:\/\/eventrend.hu\/wp-content\/uploads\/2026\/06\/gyermekotthon-lakoinak-vendeglatasa-2023.jpg 1536w\" sizes=\"(max-width: 768px) 100vw, 768px\" \/>            <\/a>\n        <\/figure>\n        <span class=\"project-category er-source-chip\"><a href=\"#\">Symbol<\/a><\/span>            <\/div>\n            <div class=\"project-text-box\">\n                <span class=\"project-category\"><\/span>                <div class=\"project-caption\">\n                            <h3 class=\"project-loop-title\">\n            <a href=\"https:\/\/eventrend.hu\/en\/cikk\/szuletesnap-egy-jo-ugy-szolgalataban\/\">A Birthday in the Service of a Good Cause<\/a>\t\t<\/h3>\n                        <\/div>\n                <div class=\"project-content\">\n                                    <\/div>\n            <\/div>\n                    <\/div>\n    <\/li>\n    <li class=\"antra-item project project-style-1\">\n        <div class=\"project-block\">\n                        <div class=\"project-transition\">\n                <span class=\"project-category\"><\/span>        <figure class=\"post-thumbnail project-image\">\n            <a href=\"https:\/\/eventrend.hu\/en\/cikk\/etelek-amelyek-jo-helyre-kerultek\/\" title=\"Foods That Ended Up in the Right Place\" data-cursor-text=\"View\">\n                                    <span class=\"view-btn\"><span>View<\/span><\/span>\n                                <img loading=\"lazy\" decoding=\"async\" width=\"768\" height=\"768\" src=\"https:\/\/eventrend.hu\/wp-content\/uploads\/2026\/06\/symbol-elelmiszerbank-768x768.jpg\" class=\"attachment-medium_large size-medium_large wp-post-image\" alt=\"\" srcset=\"https:\/\/eventrend.hu\/wp-content\/uploads\/2026\/06\/symbol-elelmiszerbank-768x768.jpg 768w, https:\/\/eventrend.hu\/wp-content\/uploads\/2026\/06\/symbol-elelmiszerbank-300x300.jpg 300w, https:\/\/eventrend.hu\/wp-content\/uploads\/2026\/06\/symbol-elelmiszerbank-1024x1024.jpg 1024w, https:\/\/eventrend.hu\/wp-content\/uploads\/2026\/06\/symbol-elelmiszerbank-150x150.jpg 150w, https:\/\/eventrend.hu\/wp-content\/uploads\/2026\/06\/symbol-elelmiszerbank-629x629.jpg 629w, https:\/\/eventrend.hu\/wp-content\/uploads\/2026\/06\/symbol-elelmiszerbank-600x600.jpg 600w, https:\/\/eventrend.hu\/wp-content\/uploads\/2026\/06\/symbol-elelmiszerbank-1000x1000.jpg 1000w, https:\/\/eventrend.hu\/wp-content\/uploads\/2026\/06\/symbol-elelmiszerbank-100x100.jpg 100w, https:\/\/eventrend.hu\/wp-content\/uploads\/2026\/06\/symbol-elelmiszerbank-50x50.jpg 50w, https:\/\/eventrend.hu\/wp-content\/uploads\/2026\/06\/symbol-elelmiszerbank-96x96.jpg 96w, https:\/\/eventrend.hu\/wp-content\/uploads\/2026\/06\/symbol-elelmiszerbank-460x460.jpg 460w, https:\/\/eventrend.hu\/wp-content\/uploads\/2026\/06\/symbol-elelmiszerbank.jpg 1200w\" sizes=\"(max-width: 768px) 100vw, 768px\" \/>            <\/a>\n        <\/figure>\n        <span class=\"project-category er-source-chip\"><a href=\"#\">Symbol<\/a><\/span>            <\/div>\n            <div class=\"project-text-box\">\n                <span class=\"project-category\"><\/span>                <div class=\"project-caption\">\n                            <h3 class=\"project-loop-title\">\n            <a href=\"https:\/\/eventrend.hu\/en\/cikk\/etelek-amelyek-jo-helyre-kerultek\/\">Foods That Ended Up in the Right Place<\/a>\t\t<\/h3>\n                        <\/div>\n                <div class=\"project-content\">\n                                    <\/div>\n            <\/div>\n                    <\/div>\n    <\/li>\n    <li class=\"antra-item project project-style-1\">\n        <div class=\"project-block\">\n                        <div class=\"project-transition\">\n                <span class=\"project-category\"><\/span>        <figure class=\"post-thumbnail project-image\">\n            <a href=\"https:\/\/eventrend.hu\/en\/cikk\/kozos-oromok-a-czinielben\/\" title=\"Shared Joys at Cziniel\" data-cursor-text=\"View\">\n                                    <span class=\"view-btn\"><span>View<\/span><\/span>\n                                <img loading=\"lazy\" decoding=\"async\" width=\"768\" height=\"512\" src=\"https:\/\/eventrend.hu\/wp-content\/uploads\/2026\/06\/cziniel-mikulas-768x512.jpg\" class=\"attachment-medium_large size-medium_large wp-post-image\" alt=\"\" srcset=\"https:\/\/eventrend.hu\/wp-content\/uploads\/2026\/06\/cziniel-mikulas-768x512.jpg 768w, https:\/\/eventrend.hu\/wp-content\/uploads\/2026\/06\/cziniel-mikulas-300x200.jpg 300w, https:\/\/eventrend.hu\/wp-content\/uploads\/2026\/06\/cziniel-mikulas-1024x683.jpg 1024w, https:\/\/eventrend.hu\/wp-content\/uploads\/2026\/06\/cziniel-mikulas-1536x1024.jpg 1536w, https:\/\/eventrend.hu\/wp-content\/uploads\/2026\/06\/cziniel-mikulas-860x573.jpg 860w, https:\/\/eventrend.hu\/wp-content\/uploads\/2026\/06\/cziniel-mikulas-1000x667.jpg 1000w, https:\/\/eventrend.hu\/wp-content\/uploads\/2026\/06\/cziniel-mikulas.jpg 1800w\" sizes=\"(max-width: 768px) 100vw, 768px\" \/>            <\/a>\n        <\/figure>\n        <span class=\"project-category er-source-chip\"><a href=\"#\">Cziniel CSR<\/a><\/span>            <\/div>\n            <div class=\"project-text-box\">\n                <span class=\"project-category\"><\/span>                <div class=\"project-caption\">\n                            <h3 class=\"project-loop-title\">\n            <a href=\"https:\/\/eventrend.hu\/en\/cikk\/kozos-oromok-a-czinielben\/\">Shared Joys at Cziniel<\/a>\t\t<\/h3>\n                        <\/div>\n                <div class=\"project-content\">\n                                    <\/div>\n            <\/div>\n                    <\/div>\n    <\/li>\n    <li class=\"antra-item project project-style-1\">\n        <div class=\"project-block\">\n                        <div class=\"project-transition\">\n                <span class=\"project-category\"><\/span>        <figure class=\"post-thumbnail project-image\">\n            <a href=\"https:\/\/eventrend.hu\/en\/cikk\/kozos-ter-a-jovo-szakembereinek\/\" title=\"A Shared Space for the Professionals of the Future\" data-cursor-text=\"View\">\n                                    <span class=\"view-btn\"><span>View<\/span><\/span>\n                                <img loading=\"lazy\" decoding=\"async\" width=\"768\" height=\"512\" src=\"https:\/\/eventrend.hu\/wp-content\/uploads\/2026\/06\/eventrend-bge-kozossegi-ter-768x512.jpg\" class=\"attachment-medium_large size-medium_large wp-post-image\" alt=\"\" srcset=\"https:\/\/eventrend.hu\/wp-content\/uploads\/2026\/06\/eventrend-bge-kozossegi-ter-768x512.jpg 768w, https:\/\/eventrend.hu\/wp-content\/uploads\/2026\/06\/eventrend-bge-kozossegi-ter-300x200.jpg 300w, https:\/\/eventrend.hu\/wp-content\/uploads\/2026\/06\/eventrend-bge-kozossegi-ter-1024x683.jpg 1024w, https:\/\/eventrend.hu\/wp-content\/uploads\/2026\/06\/eventrend-bge-kozossegi-ter-1536x1025.jpg 1536w, https:\/\/eventrend.hu\/wp-content\/uploads\/2026\/06\/eventrend-bge-kozossegi-ter-860x574.jpg 860w, https:\/\/eventrend.hu\/wp-content\/uploads\/2026\/06\/eventrend-bge-kozossegi-ter-1000x667.jpg 1000w, https:\/\/eventrend.hu\/wp-content\/uploads\/2026\/06\/eventrend-bge-kozossegi-ter.jpg 2000w\" sizes=\"(max-width: 768px) 100vw, 768px\" \/>            <\/a>\n        <\/figure>\n        <span class=\"project-category er-source-chip\"><a href=\"#\">Eventrend Group<\/a><\/span>            <\/div>\n            <div class=\"project-text-box\">\n                <span class=\"project-category\"><\/span>                <div class=\"project-caption\">\n                            <h3 class=\"project-loop-title\">\n            <a href=\"https:\/\/eventrend.hu\/en\/cikk\/kozos-ter-a-jovo-szakembereinek\/\">A Shared Space for the Professionals of the Future<\/a>\t\t<\/h3>\n                        <\/div>\n                <div class=\"project-content\">\n                                    <\/div>\n            <\/div>\n                    <\/div>\n    <\/li>\n    <li class=\"antra-item project project-style-1\">\n        <div class=\"project-block\">\n                        <div class=\"project-transition\">\n                <span class=\"project-category\"><\/span>        <figure class=\"post-thumbnail project-image\">\n            <a href=\"https:\/\/eventrend.hu\/en\/cikk\/megerkeztek-a-ciposdobozok\/\" title=\"The shoeboxes have arrived\" data-cursor-text=\"View\">\n                                    <span class=\"view-btn\"><span>View<\/span><\/span>\n                                <img loading=\"lazy\" decoding=\"async\" width=\"768\" height=\"1024\" src=\"https:\/\/eventrend.hu\/wp-content\/uploads\/2026\/06\/ciposdoboz-gyujtes-768x1024.jpg\" class=\"attachment-medium_large size-medium_large wp-post-image\" alt=\"\" srcset=\"https:\/\/eventrend.hu\/wp-content\/uploads\/2026\/06\/ciposdoboz-gyujtes-768x1024.jpg 768w, https:\/\/eventrend.hu\/wp-content\/uploads\/2026\/06\/ciposdoboz-gyujtes-225x300.jpg 225w, https:\/\/eventrend.hu\/wp-content\/uploads\/2026\/06\/ciposdoboz-gyujtes-1152x1536.jpg 1152w, https:\/\/eventrend.hu\/wp-content\/uploads\/2026\/06\/ciposdoboz-gyujtes-472x629.jpg 472w, https:\/\/eventrend.hu\/wp-content\/uploads\/2026\/06\/ciposdoboz-gyujtes-1000x1333.jpg 1000w, https:\/\/eventrend.hu\/wp-content\/uploads\/2026\/06\/ciposdoboz-gyujtes.jpg 1536w\" sizes=\"(max-width: 768px) 100vw, 768px\" \/>            <\/a>\n        <\/figure>\n        <span class=\"project-category er-source-chip\"><a href=\"#\">K\u00f6z\u00f6s \u2013 Eventrend \u2013 And Event<\/a><\/span>            <\/div>\n            <div class=\"project-text-box\">\n                <span class=\"project-category\"><\/span>                <div class=\"project-caption\">\n                            <h3 class=\"project-loop-title\">\n            <a href=\"https:\/\/eventrend.hu\/en\/cikk\/megerkeztek-a-ciposdobozok\/\">The shoeboxes have arrived<\/a>\t\t<\/h3>\n                        <\/div>\n                <div class=\"project-content\">\n                                    <\/div>\n            <\/div>\n                    <\/div>\n    <\/li>\n    <li class=\"antra-item project project-style-1\">\n        <div class=\"project-block\">\n                        <div class=\"project-transition\">\n                <span class=\"project-category\"><\/span>        <figure class=\"post-thumbnail project-image\">\n            <a href=\"https:\/\/eventrend.hu\/en\/cikk\/osszefogas-az-uromi-allatotthonert\/\" title=\"Working Together for the \u00dcr\u00f6mi Animal Shelter\" data-cursor-text=\"View\">\n                                    <span class=\"view-btn\"><span>View<\/span><\/span>\n                                <img loading=\"lazy\" decoding=\"async\" width=\"768\" height=\"576\" src=\"https:\/\/eventrend.hu\/wp-content\/uploads\/2026\/06\/uromi-allatotthon-2025-768x576.jpg\" class=\"attachment-medium_large size-medium_large wp-post-image\" alt=\"\" srcset=\"https:\/\/eventrend.hu\/wp-content\/uploads\/2026\/06\/uromi-allatotthon-2025-768x576.jpg 768w, https:\/\/eventrend.hu\/wp-content\/uploads\/2026\/06\/uromi-allatotthon-2025-300x225.jpg 300w, https:\/\/eventrend.hu\/wp-content\/uploads\/2026\/06\/uromi-allatotthon-2025-1024x768.jpg 1024w, https:\/\/eventrend.hu\/wp-content\/uploads\/2026\/06\/uromi-allatotthon-2025-1536x1152.jpg 1536w, https:\/\/eventrend.hu\/wp-content\/uploads\/2026\/06\/uromi-allatotthon-2025-839x629.jpg 839w, https:\/\/eventrend.hu\/wp-content\/uploads\/2026\/06\/uromi-allatotthon-2025-1000x750.jpg 1000w, https:\/\/eventrend.hu\/wp-content\/uploads\/2026\/06\/uromi-allatotthon-2025.jpg 2048w\" sizes=\"(max-width: 768px) 100vw, 768px\" \/>            <\/a>\n        <\/figure>\n        <span class=\"project-category er-source-chip\"><a href=\"#\">K\u00f6z\u00f6s \u2013 Eventrend \u2013 And Event<\/a><\/span>            <\/div>\n            <div class=\"project-text-box\">\n                <span class=\"project-category\"><\/span>                <div class=\"project-caption\">\n                            <h3 class=\"project-loop-title\">\n            <a href=\"https:\/\/eventrend.hu\/en\/cikk\/osszefogas-az-uromi-allatotthonert\/\">Working Together for the \u00dcr\u00f6mi Animal Shelter<\/a>\t\t<\/h3>\n                        <\/div>\n                <div class=\"project-content\">\n                                    <\/div>\n            <\/div>\n                    <\/div>\n    <\/li>\n    <li class=\"antra-item project project-style-1\">\n        <div class=\"project-block\">\n                        <div class=\"project-transition\">\n                <span class=\"project-category\"><\/span>        <figure class=\"post-thumbnail project-image\">\n            <a href=\"https:\/\/eventrend.hu\/en\/cikk\/irodalmi-elmenyek-a-centralban\/\" title=\"Literary Experiences at the Centr\u00e1l\" data-cursor-text=\"View\">\n                                    <span class=\"view-btn\"><span>View<\/span><\/span>\n                                <img loading=\"lazy\" decoding=\"async\" width=\"768\" height=\"512\" src=\"https:\/\/eventrend.hu\/wp-content\/uploads\/2026\/06\/central-irodalmi-zsur2-768x512.jpg\" class=\"attachment-medium_large size-medium_large wp-post-image\" alt=\"\" srcset=\"https:\/\/eventrend.hu\/wp-content\/uploads\/2026\/06\/central-irodalmi-zsur2-768x512.jpg 768w, https:\/\/eventrend.hu\/wp-content\/uploads\/2026\/06\/central-irodalmi-zsur2-300x200.jpg 300w, https:\/\/eventrend.hu\/wp-content\/uploads\/2026\/06\/central-irodalmi-zsur2-1024x683.jpg 1024w, https:\/\/eventrend.hu\/wp-content\/uploads\/2026\/06\/central-irodalmi-zsur2-1536x1024.jpg 1536w, https:\/\/eventrend.hu\/wp-content\/uploads\/2026\/06\/central-irodalmi-zsur2-2048x1365.jpg 2048w, https:\/\/eventrend.hu\/wp-content\/uploads\/2026\/06\/central-irodalmi-zsur2-860x573.jpg 860w, https:\/\/eventrend.hu\/wp-content\/uploads\/2026\/06\/central-irodalmi-zsur2-1000x667.jpg 1000w\" sizes=\"(max-width: 768px) 100vw, 768px\" \/>            <\/a>\n        <\/figure>\n        <span class=\"project-category er-source-chip\"><a href=\"#\">Centr\u00e1l Grand Caf\u00e9<\/a><\/span>            <\/div>\n            <div class=\"project-text-box\">\n                <span class=\"project-category\"><\/span>                <div class=\"project-caption\">\n                            <h3 class=\"project-loop-title\">\n            <a href=\"https:\/\/eventrend.hu\/en\/cikk\/irodalmi-elmenyek-a-centralban\/\">Literary Experiences at the Centr\u00e1l<\/a>\t\t<\/h3>\n                        <\/div>\n                <div class=\"project-content\">\n                                    <\/div>\n            <\/div>\n                    <\/div>\n    <\/li>\n    <\/ul>\n<\/div><nav class=\"antra-pagination-list project-pagination pagination\">\n\t<ul class='page-numbers'>\n\t<li><span aria-label=\"Page 1\" aria-current=\"page\" class=\"page-numbers current\" data-no-translation-aria-label=\"\">1<\/span><\/li>\n\t<li><a aria-label=\"Page 2\" class=\"page-numbers\" href=\"\/en\/wp-json\/wp\/v2\/pages\/11529?antra-page=2\" data-no-translation-aria-label=\"\">2<\/a><\/li>\n\t<li><a aria-label=\"Page 3\" class=\"page-numbers\" href=\"\/en\/wp-json\/wp\/v2\/pages\/11529?antra-page=3\" data-no-translation-aria-label=\"\">3<\/a><\/li>\n\t<li><a class=\"next page-numbers\" href=\"\/en\/wp-json\/wp\/v2\/pages\/11529?antra-page=2\"><i class=\"antra-icon-arrow-right\"><\/i><\/a><\/li>\n<\/ul>\n<\/nav>\n<\/div>\t\t\t\t<\/div>\n\t\t\t\t<\/div>\n\t\t\t\t\t<\/div>\n\t\t\t\t<\/div>\n\t\t\t\t<\/div>","protected":false},"excerpt":{"rendered":"<p>Sz\u0171r\u00e9s m\u00e1rka szerintMinden m\u00e1rkaCarlton HotelCentr\u00e1l Grand Caf\u00e9Cziniel CSREventrend GroupFakan\u00e1l \u00c9tteremGundelHazai ProvenceK\u00f6z\u00f6s \u2013 Eventrend \u2013 And EventNew YorkS\u00e9f AsztalaStadioneventSymbolSz\u0171r\u00e9s View Fakan\u00e1l \u00c9tterem M\u00e1rcius 15-i \u00e9lm\u00e9nyek k\u00f6zel 200 gyermeknek View Fakan\u00e1l \u00c9tterem A legkisebb h\u0151s\u00f6ket \u00fcnnepelt\u00fck View Symbol Sz\u00fclet\u00e9snap egy j\u00f3 \u00fcgy szolg\u00e1lat\u00e1ban View Symbol \u00c9telek, amelyek j\u00f3 helyre ker\u00fcltek View Cziniel CSR K\u00f6z\u00f6s \u00f6r\u00f6m\u00f6k a Czinielben [&hellip;]<\/p>\n","protected":false},"author":5,"featured_media":0,"parent":0,"menu_order":0,"comment_status":"closed","ping_status":"closed","template":"","meta":{"_acf_changed":false,"_angie_page":false,"footnotes":""},"class_list":["post-11529","page","type-page","status-publish","hentry"],"acf":[],"_links":{"self":[{"href":"https:\/\/eventrend.hu\/en\/wp-json\/wp\/v2\/pages\/11529","targetHints":{"allow":["GET"]}}],"collection":[{"href":"https:\/\/eventrend.hu\/en\/wp-json\/wp\/v2\/pages"}],"about":[{"href":"https:\/\/eventrend.hu\/en\/wp-json\/wp\/v2\/types\/page"}],"author":[{"embeddable":true,"href":"https:\/\/eventrend.hu\/en\/wp-json\/wp\/v2\/users\/5"}],"replies":[{"embeddable":true,"href":"https:\/\/eventrend.hu\/en\/wp-json\/wp\/v2\/comments?post=11529"}],"version-history":[{"count":37,"href":"https:\/\/eventrend.hu\/en\/wp-json\/wp\/v2\/pages\/11529\/revisions"}],"predecessor-version":[{"id":17765,"href":"https:\/\/eventrend.hu\/en\/wp-json\/wp\/v2\/pages\/11529\/revisions\/17765"}],"wp:attachment":[{"href":"https:\/\/eventrend.hu\/en\/wp-json\/wp\/v2\/media?parent=11529"}],"curies":[{"name":"wp","href":"https:\/\/api.w.org\/{rel}","templated":true}]}}